{"id":9774,"date":"2017-06-23T12:35:30","date_gmt":"2017-06-23T10:35:30","guid":{"rendered":"https:\/\/presserat.ch\/?page_id=9774"},"modified":"2025-12-03T13:38:35","modified_gmt":"2025-12-03T12:38:35","slug":"assister-a-la-deliberation-dune-chambre","status":"publish","type":"page","link":"https:\/\/presserat.ch\/fr\/contact\/assister-a-la-deliberation-dune-chambre\/","title":{"rendered":"Assister \u00e0 la d\u00e9lib\u00e9ration d\u2019une chambre"},"content":{"rendered":"<p>A des fins de formation, des journalistes ou des personnes proches de m\u00e9dias (cinq au plus par s\u00e9ance) ont la possibilit\u00e9 d\u2019assister \u00e0 une d\u00e9lib\u00e9ration des chambres du Conseil de la presse. Cette participation est en g\u00e9n\u00e9ral limit\u00e9e au premier cas trait\u00e9 lors de la s\u00e9ance.\u00a0Les personnes int\u00e9ress\u00e9es peuvent s\u2019inscrire par courrier \u00e9lectronique au Conseil de la presse: info@presserat.ch.\u00a0Sont exclus les visiteurs appartenant \u00e0 la r\u00e9daction du m\u00e9dia concern\u00e9 par la plainte ou \u00e0 la partie plaignante.<\/p>\n<p>Les prochaines r\u00e9unions:<\/p>\n<ul>\n<li>5 janvier 2026, 9:00, 1\u00e8re chambre (online)<\/li>\n<li>25 f\u00e9vrier 2026, 10:15, 3\u00e8me chambre (Z\u00fcrich)<\/li>\n<li>29 mai 2026, 10:00, 3\u00e8me chambre(online)<\/li>\n<li>9 septembre 2026, 14:00, 3\u00e8me chambre (Z\u00fcrich)<\/li>\n<\/ul>\n\n\n<p><\/p>\n","protected":false},"excerpt":{"rendered":"<p>A des fins de formation, des journalistes ou des personnes proches de m\u00e9dias (cinq au plus par s\u00e9ance) ont la possibilit\u00e9 d\u2019assister \u00e0 une d\u00e9lib\u00e9ration des chambres du Conseil de la presse. Cette participation est en g\u00e9n\u00e9ral limit\u00e9e au premier cas trait\u00e9 lors de la s\u00e9ance.\u00a0Les personnes int\u00e9ress\u00e9es peuvent s\u2019inscrire par courrier \u00e9lectronique au Conseil &hellip; <a href=\"https:\/\/presserat.ch\/fr\/contact\/assister-a-la-deliberation-dune-chambre\/\">Suite<\/a><\/p>\n","protected":false},"author":1,"featured_media":0,"parent":9811,"menu_order":0,"comment_status":"closed","ping_status":"closed","template":"","meta":{"footnotes":""},"class_list":["post-9774","page","type-page","status-publish","hentry"],"_links":{"self":[{"href":"https:\/\/presserat.ch\/fr\/wp-json\/wp\/v2\/pages\/9774","targetHints":{"allow":["GET"]}}],"collection":[{"href":"https:\/\/presserat.ch\/fr\/wp-json\/wp\/v2\/pages"}],"about":[{"href":"https:\/\/presserat.ch\/fr\/wp-json\/wp\/v2\/types\/page"}],"author":[{"embeddable":true,"href":"https:\/\/presserat.ch\/fr\/wp-json\/wp\/v2\/users\/1"}],"replies":[{"embeddable":true,"href":"https:\/\/presserat.ch\/fr\/wp-json\/wp\/v2\/comments?post=9774"}],"version-history":[{"count":32,"href":"https:\/\/presserat.ch\/fr\/wp-json\/wp\/v2\/pages\/9774\/revisions"}],"predecessor-version":[{"id":20170,"href":"https:\/\/presserat.ch\/fr\/wp-json\/wp\/v2\/pages\/9774\/revisions\/20170"}],"up":[{"embeddable":true,"href":"https:\/\/presserat.ch\/fr\/wp-json\/wp\/v2\/pages\/9811"}],"wp:attachment":[{"href":"https:\/\/presserat.ch\/fr\/wp-json\/wp\/v2\/media?parent=9774"}],"curies":[{"name":"wp","href":"https:\/\/api.w.org\/{rel}","templated":true}]}}